{"id":973,"date":"2023-06-20T16:31:21","date_gmt":"2023-06-20T14:31:21","guid":{"rendered":"https:\/\/soulie-coste-floret.fr\/?page_id=973"},"modified":"2023-10-24T09:54:45","modified_gmt":"2023-10-24T07:54:45","slug":"guillaume-coste-floret","status":"publish","type":"page","link":"https:\/\/soulie-coste-floret.fr\/en\/guillaume-coste-floret\/","title":{"rendered":"Guillaume Coste-Floret"},"content":{"rendered":"<div data-elementor-type=\"wp-page\" data-elementor-id=\"973\" class=\"elementor elementor-973\" data-elementor-post-type=\"page\">\n\t\t\t\t\t\t\t<div class=\"elementor-element elementor-element-34ebc37 e-con-full e-flex e-con e-parent\" data-id=\"34ebc37\" data-element_type=\"container\" data-settings=\"{&quot;content_width&quot;:&quot;full&quot;}\" data-core-v316-plus=\"true\">\n\t\t<div class=\"elementor-element elementor-element-6514ff1 e-con-full e-flex e-con e-child\" data-id=\"6514ff1\" data-element_type=\"container\" data-settings=\"{&quot;content_width&quot;:&quot;full&quot;,&quot;background_background&quot;:&quot;classic&quot;}\">\n\t\t<a class=\"elementor-element elementor-element-4eb6c0f elementor-hidden-mobile e-flex e-con-boxed e-con e-child\" data-id=\"4eb6c0f\" data-element_type=\"container\" data-settings=\"{&quot;content_width&quot;:&quot;boxed&quot;}\" href=\"https:\/\/soulie-coste-floret.fr\/en\/equipe\/\">\n\t\t\t\t\t<div class=\"e-con-inner\">\n\t\t\t\t<div class=\"elementor-element elementor-element-6e77b8f elementor-widget elementor-widget-heading\" data-id=\"6e77b8f\" data-element_type=\"widget\" data-widget_type=\"heading.default\">\n\t\t\t\t<div class=\"elementor-widget-container\">\n\t\t\t<style>\/*! elementor - v3.18.0 - 20-12-2023 *\/\n.elementor-heading-title{padding:0;margin:0;line-height:1}.elementor-widget-heading .elementor-heading-title[class*=elementor-size-]>a{color:inherit;font-size:inherit;line-height:inherit}.elementor-widget-heading .elementor-heading-title.elementor-size-small{font-size:15px}.elementor-widget-heading .elementor-heading-title.elementor-size-medium{font-size:19px}.elementor-widget-heading .elementor-heading-title.elementor-size-large{font-size:29px}.elementor-widget-heading .elementor-heading-title.elementor-size-xl{font-size:39px}.elementor-widget-heading .elementor-heading-title.elementor-size-xxl{font-size:59px}<\/style><h2 class=\"elementor-heading-title elementor-size-default\">The Team<\/h2>\t\t<\/div>\n\t\t\t\t<\/div>\n\t\t\t\t<div class=\"elementor-element elementor-element-8a2c435 elementor-view-default elementor-widget elementor-widget-icon\" data-id=\"8a2c435\" data-element_type=\"widget\" data-widget_type=\"icon.default\">\n\t\t\t\t<div class=\"elementor-widget-container\">\n\t\t\t\t\t<div class=\"elementor-icon-wrapper\">\n\t\t\t<div class=\"elementor-icon\">\n\t\t\t<i aria-hidden=\"true\" class=\"fas fa-long-arrow-alt-left\"><\/i>\t\t\t<\/div>\n\t\t<\/div>\n\t\t\t\t<\/div>\n\t\t\t\t<\/div>\n\t\t\t\t\t<\/div>\n\t\t\t\t<\/a>\n\t\t\t\t<\/div>\n\t\t<div class=\"elementor-element elementor-element-502f3c0 e-con-full e-flex e-con e-child\" data-id=\"502f3c0\" data-element_type=\"container\" data-settings=\"{&quot;content_width&quot;:&quot;full&quot;}\">\n\t\t<div class=\"elementor-element elementor-element-09ec8a7 e-con-full e-flex e-con e-child\" data-id=\"09ec8a7\" data-element_type=\"container\" data-settings=\"{&quot;content_width&quot;:&quot;full&quot;}\">\n\t\t<a class=\"elementor-element elementor-element-d97fb5b elementor-hidden-desktop elementor-hidden-tablet e-flex e-con-boxed e-con e-child\" data-id=\"d97fb5b\" data-element_type=\"container\" data-settings=\"{&quot;content_width&quot;:&quot;boxed&quot;}\" href=\"https:\/\/soulie-coste-floret.fr\/en\/equipe\/\">\n\t\t\t\t\t<div class=\"e-con-inner\">\n\t\t\t\t<div class=\"elementor-element elementor-element-06e0a04 elementor-widget elementor-widget-heading\" data-id=\"06e0a04\" data-element_type=\"widget\" data-widget_type=\"heading.default\">\n\t\t\t\t<div class=\"elementor-widget-container\">\n\t\t\t<h2 class=\"elementor-heading-title elementor-size-default\">The Team<\/h2>\t\t<\/div>\n\t\t\t\t<\/div>\n\t\t\t\t<div class=\"elementor-element elementor-element-b27a362 elementor-view-default elementor-widget elementor-widget-icon\" data-id=\"b27a362\" data-element_type=\"widget\" data-widget_type=\"icon.default\">\n\t\t\t\t<div class=\"elementor-widget-container\">\n\t\t\t\t\t<div class=\"elementor-icon-wrapper\">\n\t\t\t<div class=\"elementor-icon\">\n\t\t\t<i aria-hidden=\"true\" class=\"fas fa-long-arrow-alt-left\"><\/i>\t\t\t<\/div>\n\t\t<\/div>\n\t\t\t\t<\/div>\n\t\t\t\t<\/div>\n\t\t\t\t\t<\/div>\n\t\t\t\t<\/a>\n\t\t<div class=\"elementor-element elementor-element-324cd42 e-con-full e-flex e-con e-child\" data-id=\"324cd42\" data-element_type=\"container\" data-settings=\"{&quot;content_width&quot;:&quot;full&quot;}\">\n\t\t\t\t<div class=\"elementor-element elementor-element-91ac76a elementor-widget elementor-widget-heading\" data-id=\"91ac76a\" data-element_type=\"widget\" data-widget_type=\"heading.default\">\n\t\t\t\t<div class=\"elementor-widget-container\">\n\t\t\t<span class=\"elementor-heading-title elementor-size-default\">PARTNER<\/span>\t\t<\/div>\n\t\t\t\t<\/div>\n\t\t\t\t<div class=\"elementor-element elementor-element-e76cbb5 elementor-widget elementor-widget-heading\" data-id=\"e76cbb5\" data-element_type=\"widget\" data-widget_type=\"heading.default\">\n\t\t\t\t<div class=\"elementor-widget-container\">\n\t\t\t<span class=\"elementor-heading-title elementor-size-default\">Guillaume Coste-Floret<\/span>\t\t<\/div>\n\t\t\t\t<\/div>\n\t\t\t\t<div class=\"elementor-element elementor-element-c700c83 elementor-widget elementor-widget-heading\" data-id=\"c700c83\" data-element_type=\"widget\" data-widget_type=\"heading.default\">\n\t\t\t\t<div class=\"elementor-widget-container\">\n\t\t\t<span class=\"elementor-heading-title elementor-size-default\">g.coste-floret@coste-floret.com<\/span>\t\t<\/div>\n\t\t\t\t<\/div>\n\t\t\t\t<div class=\"elementor-element elementor-element-c7497df elementor-widget elementor-widget-heading\" data-id=\"c7497df\" data-element_type=\"widget\" data-widget_type=\"heading.default\">\n\t\t\t\t<div class=\"elementor-widget-container\">\n\t\t\t<span class=\"elementor-heading-title elementor-size-default\">Sworn in as a member of the bar: 2009<\/span>\t\t<\/div>\n\t\t\t\t<\/div>\n\t\t\t\t<div class=\"elementor-element elementor-element-b4ddb04 elementor-widget elementor-widget-text-editor\" data-id=\"b4ddb04\" data-element_type=\"widget\" data-widget_type=\"text-editor.default\">\n\t\t\t\t<div class=\"elementor-widget-container\">\n\t\t\t<style>\/*! elementor - v3.18.0 - 20-12-2023 *\/\n.elementor-widget-text-editor.elementor-drop-cap-view-stacked .elementor-drop-cap{background-color:#69727d;color:#fff}.elementor-widget-text-editor.elementor-drop-cap-view-framed .elementor-drop-cap{color:#69727d;border:3px solid;background-color:transparent}.elementor-widget-text-editor:not(.elementor-drop-cap-view-default) .elementor-drop-cap{margin-top:8px}.elementor-widget-text-editor:not(.elementor-drop-cap-view-default) .elementor-drop-cap-letter{width:1em;height:1em}.elementor-widget-text-editor .elementor-drop-cap{float:left;text-align:center;line-height:1;font-size:50px}.elementor-widget-text-editor .elementor-drop-cap-letter{display:inline-block}<\/style>\t\t\t\t<p class=\" translation-block\">Main areas of expertise: Insurance, Industrial Risks \/ Product Liability, Professional Liability, Public Works and Construction.<\/p>\t\t\t\t\t\t<\/div>\n\t\t\t\t<\/div>\n\t\t\t\t<\/div>\n\t\t\t\t<\/div>\n\t\t<div class=\"elementor-element elementor-element-33b856d e-con-full e-flex e-con e-child\" data-id=\"33b856d\" data-element_type=\"container\" data-settings=\"{&quot;content_width&quot;:&quot;full&quot;,&quot;background_background&quot;:&quot;classic&quot;}\">\n\t\t<div class=\"elementor-element elementor-element-d9a300f e-con-full e-flex e-con e-child\" data-id=\"d9a300f\" data-element_type=\"container\" data-settings=\"{&quot;content_width&quot;:&quot;full&quot;,&quot;background_background&quot;:&quot;classic&quot;}\">\n\t\t<div class=\"elementor-element elementor-element-8fd871b e-flex e-con-boxed e-con e-child\" data-id=\"8fd871b\" data-element_type=\"container\" data-settings=\"{&quot;content_width&quot;:&quot;boxed&quot;}\">\n\t\t\t\t\t<div class=\"e-con-inner\">\n\t\t<div class=\"elementor-element elementor-element-e69f25f e-flex e-con-boxed e-con e-child\" data-id=\"e69f25f\" data-element_type=\"container\" data-settings=\"{&quot;content_width&quot;:&quot;boxed&quot;}\">\n\t\t\t\t\t<div class=\"e-con-inner\">\n\t\t<div class=\"elementor-element elementor-element-481b0e4 e-flex e-con-boxed e-con e-child\" data-id=\"481b0e4\" data-element_type=\"container\" data-settings=\"{&quot;content_width&quot;:&quot;boxed&quot;}\">\n\t\t\t\t\t<div class=\"e-con-inner\">\n\t\t\t\t<div class=\"elementor-element elementor-element-de1dcae elementor-widget elementor-widget-text-editor\" data-id=\"de1dcae\" data-element_type=\"widget\" data-widget_type=\"text-editor.default\">\n\t\t\t\t<div class=\"elementor-widget-container\">\n\t\t\t\t\t\t\t<p class=\" translation-block\">Guillaume Coste-Floret joined the firm in 2018 and became a partner in 2021. He holds a Masters 2 degree in insurance law (Paris II) and was sworn in at the bar in October 2009.<\/p><p>He worked for 11 years as an associate in several law firms specialising in insurance law and civil liability. He has also worked on many cases involving construction law.<\/p><p>He has given several training courses on construction law and public works contracts.<\/p>\t\t\t\t\t\t<\/div>\n\t\t\t\t<\/div>\n\t\t\t\t\t<\/div>\n\t\t\t\t<\/div>\n\t\t<div class=\"elementor-element elementor-element-55380b8 e-flex e-con-boxed e-con e-child\" data-id=\"55380b8\" data-element_type=\"container\" data-settings=\"{&quot;content_width&quot;:&quot;boxed&quot;}\">\n\t\t\t\t\t<div class=\"e-con-inner\">\n\t\t\t\t<div class=\"elementor-element elementor-element-51924fb elementor-widget elementor-widget-text-editor\" data-id=\"51924fb\" data-element_type=\"widget\" data-widget_type=\"text-editor.default\">\n\t\t\t\t<div class=\"elementor-widget-container\">\n\t\t\t\t\t\t\t<p>He represents his clients before the civil and administrative courts, thanks to his mastery of both private and public law, particularly construction law.<\/p>\n<p>In his areas of practice, he is called on to provide legal and administrative expertise on a regular basis and to play a role in alternative dispute resolution.<\/p>\t\t\t\t\t\t<\/div>\n\t\t\t\t<\/div>\n\t\t\t\t\t<\/div>\n\t\t\t\t<\/div>\n\t\t\t\t\t<\/div>\n\t\t\t\t<\/div>\n\t\t\t\t\t<\/div>\n\t\t\t\t<\/div>\n\t\t\t\t<\/div>\n\t\t\t\t<\/div>\n\t\t\t\t<\/div>\n\t\t\t\t<\/div>\n\t\t\t\t\t\t\t<\/div>","protected":false},"excerpt":{"rendered":"<p>L&rsquo;\u00e9quipe L&rsquo;\u00e9quipe Avocat Associ\u00e9 Guillaume Coste-Floret g.coste-floret@coste-floret.com Ann\u00e9e de prestation de serment : 2009 Principaux domaines d\u2019expertise : Assurance, Risques industriels \/ RC produit, Responsabilit\u00e9 civile professionnelle \/ March\u00e9s publics et Construction. Guillaume Coste-Floret a rejoint le Cabinet en 2018 et est devenu associ\u00e9 en 2021. Il est titulaire d\u2019un M2 de droit des assurances [&hellip;]<\/p>","protected":false},"author":1,"featured_media":0,"parent":0,"menu_order":0,"comment_status":"closed","ping_status":"closed","template":"elementor_header_footer","meta":{"footnotes":""},"class_list":["post-973","page","type-page","status-publish","hentry"],"acf":[],"yoast_head":"<!-- This site is optimized with the Yoast SEO plugin v21.9 - https:\/\/yoast.com\/wordpress\/plugins\/seo\/ -->\n<title>Guillaume Coste-Floret - Souli\u00e9 - Coste Floret<\/title>\n<meta name=\"robots\" content=\"index, follow, max-snippet:-1, max-image-preview:large, max-video-preview:-1\" \/>\n<link rel=\"canonical\" href=\"https:\/\/soulie-coste-floret.fr\/en\/guillaume-coste-floret\/\" \/>\n<meta property=\"og:locale\" content=\"en_GB\" \/>\n<meta property=\"og:type\" content=\"article\" \/>\n<meta property=\"og:title\" content=\"Guillaume Coste-Floret - Souli\u00e9 - Coste Floret\" \/>\n<meta property=\"og:description\" content=\"L&rsquo;\u00e9quipe L&rsquo;\u00e9quipe Avocat Associ\u00e9 Guillaume Coste-Floret g.coste-floret@coste-floret.com Ann\u00e9e de prestation de serment : 2009 Principaux domaines d\u2019expertise : Assurance, Risques industriels \/ RC produit, Responsabilit\u00e9 civile professionnelle \/ March\u00e9s publics et Construction. Guillaume Coste-Floret a rejoint le Cabinet en 2018 et est devenu associ\u00e9 en 2021. Il est titulaire d\u2019un M2 de droit des assurances [&hellip;]\" \/>\n<meta property=\"og:url\" content=\"https:\/\/soulie-coste-floret.fr\/en\/guillaume-coste-floret\/\" \/>\n<meta property=\"og:site_name\" content=\"Souli\u00e9 - Coste Floret\" \/>\n<meta property=\"article:modified_time\" content=\"2023-10-24T07:54:45+00:00\" \/>\n<meta name=\"twitter:card\" content=\"summary_large_image\" \/>\n<meta name=\"twitter:label1\" content=\"Estimated reading time\" \/>\n\t<meta name=\"twitter:data1\" content=\"1 minute\" \/>\n<script type=\"application\/ld+json\" class=\"yoast-schema-graph\">{\"@context\":\"https:\/\/schema.org\",\"@graph\":[{\"@type\":\"WebPage\",\"@id\":\"https:\/\/soulie-coste-floret.fr\/guillaume-coste-floret\/\",\"url\":\"https:\/\/soulie-coste-floret.fr\/guillaume-coste-floret\/\",\"name\":\"Guillaume Coste-Floret - Souli\u00e9 - Coste Floret\",\"isPartOf\":{\"@id\":\"https:\/\/soulie-coste-floret.fr\/#website\"},\"datePublished\":\"2023-06-20T14:31:21+00:00\",\"dateModified\":\"2023-10-24T07:54:45+00:00\",\"breadcrumb\":{\"@id\":\"https:\/\/soulie-coste-floret.fr\/guillaume-coste-floret\/#breadcrumb\"},\"inLanguage\":\"en-GB\",\"potentialAction\":[{\"@type\":\"ReadAction\",\"target\":[\"https:\/\/soulie-coste-floret.fr\/guillaume-coste-floret\/\"]}]},{\"@type\":\"BreadcrumbList\",\"@id\":\"https:\/\/soulie-coste-floret.fr\/guillaume-coste-floret\/#breadcrumb\",\"itemListElement\":[{\"@type\":\"ListItem\",\"position\":1,\"name\":\"Accueil\",\"item\":\"https:\/\/soulie-coste-floret.fr\/\"},{\"@type\":\"ListItem\",\"position\":2,\"name\":\"Guillaume Coste-Floret\"}]},{\"@type\":\"WebSite\",\"@id\":\"https:\/\/soulie-coste-floret.fr\/#website\",\"url\":\"https:\/\/soulie-coste-floret.fr\/\",\"name\":\"Souli\u00e9 - Coste Floret\",\"description\":\"\",\"publisher\":{\"@id\":\"https:\/\/soulie-coste-floret.fr\/#organization\"},\"potentialAction\":[{\"@type\":\"SearchAction\",\"target\":{\"@type\":\"EntryPoint\",\"urlTemplate\":\"https:\/\/soulie-coste-floret.fr\/?s={search_term_string}\"},\"query-input\":\"required name=search_term_string\"}],\"inLanguage\":\"en-GB\"},{\"@type\":\"Organization\",\"@id\":\"https:\/\/soulie-coste-floret.fr\/#organization\",\"name\":\"Souli\u00e9 - Coste Floret\",\"url\":\"https:\/\/soulie-coste-floret.fr\/\",\"logo\":{\"@type\":\"ImageObject\",\"inLanguage\":\"en-GB\",\"@id\":\"https:\/\/soulie-coste-floret.fr\/#\/schema\/logo\/image\/\",\"url\":\"https:\/\/soulie-coste-floret.fr\/wp-content\/uploads\/2023\/09\/cropped-logo-scf.png\",\"contentUrl\":\"https:\/\/soulie-coste-floret.fr\/wp-content\/uploads\/2023\/09\/cropped-logo-scf.png\",\"width\":384,\"height\":232,\"caption\":\"Souli\u00e9 - Coste Floret\"},\"image\":{\"@id\":\"https:\/\/soulie-coste-floret.fr\/#\/schema\/logo\/image\/\"}}]}<\/script>\n<!-- \/ Yoast SEO plugin. -->","yoast_head_json":{"title":"Guillaume Coste-Floret - Souli\u00e9 - Coste Floret","robots":{"index":"index","follow":"follow","max-snippet":"max-snippet:-1","max-image-preview":"max-image-preview:large","max-video-preview":"max-video-preview:-1"},"canonical":"https:\/\/soulie-coste-floret.fr\/en\/guillaume-coste-floret\/","og_locale":"en_GB","og_type":"article","og_title":"Guillaume Coste-Floret - Souli\u00e9 - Coste Floret","og_description":"L&rsquo;\u00e9quipe L&rsquo;\u00e9quipe Avocat Associ\u00e9 Guillaume Coste-Floret g.coste-floret@coste-floret.com Ann\u00e9e de prestation de serment : 2009 Principaux domaines d\u2019expertise : Assurance, Risques industriels \/ RC produit, Responsabilit\u00e9 civile professionnelle \/ March\u00e9s publics et Construction. Guillaume Coste-Floret a rejoint le Cabinet en 2018 et est devenu associ\u00e9 en 2021. Il est titulaire d\u2019un M2 de droit des assurances [&hellip;]","og_url":"https:\/\/soulie-coste-floret.fr\/en\/guillaume-coste-floret\/","og_site_name":"Souli\u00e9 - Coste Floret","article_modified_time":"2023-10-24T07:54:45+00:00","twitter_card":"summary_large_image","twitter_misc":{"Estimated reading time":"1 minute"},"schema":{"@context":"https:\/\/schema.org","@graph":[{"@type":"WebPage","@id":"https:\/\/soulie-coste-floret.fr\/guillaume-coste-floret\/","url":"https:\/\/soulie-coste-floret.fr\/guillaume-coste-floret\/","name":"Guillaume Coste-Floret - Souli\u00e9 - Coste Floret","isPartOf":{"@id":"https:\/\/soulie-coste-floret.fr\/#website"},"datePublished":"2023-06-20T14:31:21+00:00","dateModified":"2023-10-24T07:54:45+00:00","breadcrumb":{"@id":"https:\/\/soulie-coste-floret.fr\/guillaume-coste-floret\/#breadcrumb"},"inLanguage":"en-GB","potentialAction":[{"@type":"ReadAction","target":["https:\/\/soulie-coste-floret.fr\/guillaume-coste-floret\/"]}]},{"@type":"BreadcrumbList","@id":"https:\/\/soulie-coste-floret.fr\/guillaume-coste-floret\/#breadcrumb","itemListElement":[{"@type":"ListItem","position":1,"name":"Accueil","item":"https:\/\/soulie-coste-floret.fr\/"},{"@type":"ListItem","position":2,"name":"Guillaume Coste-Floret"}]},{"@type":"WebSite","@id":"https:\/\/soulie-coste-floret.fr\/#website","url":"https:\/\/soulie-coste-floret.fr\/","name":"Souli\u00e9 - Coste Floret","description":"","publisher":{"@id":"https:\/\/soulie-coste-floret.fr\/#organization"},"potentialAction":[{"@type":"SearchAction","target":{"@type":"EntryPoint","urlTemplate":"https:\/\/soulie-coste-floret.fr\/?s={search_term_string}"},"query-input":"required name=search_term_string"}],"inLanguage":"en-GB"},{"@type":"Organization","@id":"https:\/\/soulie-coste-floret.fr\/#organization","name":"Souli\u00e9 - Coste Floret","url":"https:\/\/soulie-coste-floret.fr\/","logo":{"@type":"ImageObject","inLanguage":"en-GB","@id":"https:\/\/soulie-coste-floret.fr\/#\/schema\/logo\/image\/","url":"https:\/\/soulie-coste-floret.fr\/wp-content\/uploads\/2023\/09\/cropped-logo-scf.png","contentUrl":"https:\/\/soulie-coste-floret.fr\/wp-content\/uploads\/2023\/09\/cropped-logo-scf.png","width":384,"height":232,"caption":"Souli\u00e9 - Coste Floret"},"image":{"@id":"https:\/\/soulie-coste-floret.fr\/#\/schema\/logo\/image\/"}}]}},"_links":{"self":[{"href":"https:\/\/soulie-coste-floret.fr\/en\/wp-json\/wp\/v2\/pages\/973","targetHints":{"allow":["GET"]}}],"collection":[{"href":"https:\/\/soulie-coste-floret.fr\/en\/wp-json\/wp\/v2\/pages"}],"about":[{"href":"https:\/\/soulie-coste-floret.fr\/en\/wp-json\/wp\/v2\/types\/page"}],"author":[{"embeddable":true,"href":"https:\/\/soulie-coste-floret.fr\/en\/wp-json\/wp\/v2\/users\/1"}],"replies":[{"embeddable":true,"href":"https:\/\/soulie-coste-floret.fr\/en\/wp-json\/wp\/v2\/comments?post=973"}],"version-history":[{"count":49,"href":"https:\/\/soulie-coste-floret.fr\/en\/wp-json\/wp\/v2\/pages\/973\/revisions"}],"predecessor-version":[{"id":2942,"href":"https:\/\/soulie-coste-floret.fr\/en\/wp-json\/wp\/v2\/pages\/973\/revisions\/2942"}],"wp:attachment":[{"href":"https:\/\/soulie-coste-floret.fr\/en\/wp-json\/wp\/v2\/media?parent=973"}],"curies":[{"name":"wp","href":"https:\/\/api.w.org\/{rel}","templated":true}]}}